{"id":143693,"date":"2024-10-15T14:51:18","date_gmt":"2024-10-15T12:51:18","guid":{"rendered":"https:\/\/store.ie.edu\/product\/sin%20categor\u00eda\/lithe-toiletry-bag-ieu\/"},"modified":"2025-04-01T11:29:05","modified_gmt":"2025-04-01T09:29:05","slug":"lithe-toiletry-bag-ieu","status":"publish","type":"product","link":"https:\/\/store.ie.edu\/es\/producto\/colaboraciones\/lefrik-es\/lithe-toiletry-bag-ieu\/","title":{"rendered":"<b>Neceser Lithe IEU<\/b>"},"content":{"rendered":"<p class=\"\" data-start=\"150\" data-end=\"285\"><strong data-start=\"150\" data-end=\"164\">MATERIALES<\/strong><br data-start=\"164\" data-end=\"167\" \/>Tejido Vandra impermeable<br data-start=\"196\" data-end=\"199\" \/>Fabricado con 6 botellas PET recicladas<br data-start=\"242\" data-end=\"245\" \/>Materiales resistentes y ligeros<\/p>\n<p class=\"\" data-start=\"287\" data-end=\"438\"><strong data-start=\"287\" data-end=\"299\">CUIDADOS<\/strong><br data-start=\"299\" data-end=\"302\" \/>Lavar a m\u00e1quina con agua fr\u00eda<br data-start=\"335\" data-end=\"338\" \/>No usar blanqueador<br data-start=\"361\" data-end=\"364\" \/>No secar en secadora<br data-start=\"388\" data-end=\"391\" \/>Planchar a baja temperatura si es necesario<\/p>\n","protected":false},"excerpt":{"rendered":"<p class=\"\" data-start=\"90\" data-end=\"163\"><strong data-start=\"114\" data-end=\"163\">Tu d\u00eda a d\u00eda, m\u00e1s organizado y m\u00e1s sostenible<\/strong><\/p>\n<p class=\"\" data-start=\"165\" data-end=\"512\">Mant\u00e9n todo organizado est\u00e9s donde est\u00e9s con este <strong data-start=\"215\" data-end=\"251\">neceser resistente e impermeable<\/strong>, fabricado en <strong data-start=\"266\" data-end=\"283\">tejido Vandra<\/strong> y elaborado a partir de <strong data-start=\"308\" data-end=\"337\">6 botellas PET recicladas<\/strong>.<br data-start=\"338\" data-end=\"341\" \/>Cuenta con un <strong data-start=\"355\" data-end=\"389\">amplio compartimento principal<\/strong>, <strong data-start=\"391\" data-end=\"419\">organizadores interiores<\/strong> y una <strong data-start=\"426\" data-end=\"443\">asa reforzada<\/strong> para facilitar el transporte. Ideal para el uso diario o tus viajes.<\/p>\n<p class=\"\" data-start=\"514\" data-end=\"609\"><strong data-start=\"514\" data-end=\"558\">Funcional, ecol\u00f3gico y f\u00e1cil de limpiar.<\/strong><br data-start=\"558\" data-end=\"561\" \/><strong data-start=\"561\" data-end=\"609\" data-is-last-node=\"\">Disponible ahora exclusivamente en IE Store.<\/strong><\/p>\n","protected":false},"featured_media":143680,"comment_status":"open","ping_status":"closed","template":"","meta":{"_seopress_robots_primary_cat":"none","_seopress_titles_title":"","_seopress_titles_desc":"","_seopress_robots_index":""},"product_brand":[],"product_cat":[201,213,864,908,881],"product_tag":[],"class_list":{"0":"post-143693","1":"product","2":"type-product","3":"status-publish","4":"has-post-thumbnail","6":"product_cat-accessorios","7":"product_cat-bolsas-fundas","8":"product_cat-colaboraciones","9":"product_cat-esenciales-viaje","10":"product_cat-lefrik-es","12":"first","13":"instock","14":"taxable","15":"shipping-taxable","16":"purchasable","17":"product-type-variable","18":"thumb-has-effect","19":"prod-rating-off"},"_links":{"self":[{"href":"https:\/\/store.ie.edu\/es\/wp-json\/wp\/v2\/product\/143693","targetHints":{"allow":["GET"]}}],"collection":[{"href":"https:\/\/store.ie.edu\/es\/wp-json\/wp\/v2\/product"}],"about":[{"href":"https:\/\/store.ie.edu\/es\/wp-json\/wp\/v2\/types\/product"}],"replies":[{"embeddable":true,"href":"https:\/\/store.ie.edu\/es\/wp-json\/wp\/v2\/comments?post=143693"}],"wp:featuredmedia":[{"embeddable":true,"href":"https:\/\/store.ie.edu\/es\/wp-json\/wp\/v2\/media\/143680"}],"wp:attachment":[{"href":"https:\/\/store.ie.edu\/es\/wp-json\/wp\/v2\/media?parent=143693"}],"wp:term":[{"taxonomy":"product_brand","embeddable":true,"href":"https:\/\/store.ie.edu\/es\/wp-json\/wp\/v2\/product_brand?post=143693"},{"taxonomy":"product_cat","embeddable":true,"href":"https:\/\/store.ie.edu\/es\/wp-json\/wp\/v2\/product_cat?post=143693"},{"taxonomy":"product_tag","embeddable":true,"href":"https:\/\/store.ie.edu\/es\/wp-json\/wp\/v2\/product_tag?post=143693"}],"curies":[{"name":"wp","href":"https:\/\/api.w.org\/{rel}","templated":true}]}}